{"id":766,"date":"2013-03-28T16:12:33","date_gmt":"2013-03-28T14:12:33","guid":{"rendered":"http:\/\/elektriker-delitzsch.de\/?page_id=766"},"modified":"2013-03-28T16:26:11","modified_gmt":"2013-03-28T14:26:11","slug":"herdanschluss","status":"publish","type":"page","link":"http:\/\/elektriker-delitzsch.de\/?page_id=766","title":{"rendered":"Herdanschluss"},"content":{"rendered":"<h3><a title=\"Sicherheitsregeln\" href=\"http:\/\/elektriker-delitzsch.de\/?page_id=770\" target=\"_blank\"><span style=\"color: #ff0000;\">Achtung, vor dem Arbeiten an der elektrischen Anlage unbedingt Sicherheitsregeln beachten!<\/span><\/a><\/h3>\n<p>&nbsp;<\/p>\n<p>Ein neuer Herd ben\u00f6tigt normalerweise 3 Pasen (Kraftstrom).<\/p>\n<p>Es sollte eine Herdanschlu\u00dfdose bei der Elektroinstallation in der Wand installiert sein.<br \/>\nVon dieser Herdanschlu\u00dfdose wird ein flexibles Herdanschlu\u00dfkabel f\u00fcr den Anschluss ben\u00f6tigt.<br \/>\nDie L\u00e4nge muss ausreichen, dass der Herd vom Einbauschrank herausgezogen werden kann ohne das das Anschlu\u00dfkabel spannt.<\/p>\n<p>Das Herdanschlu\u00dfkabel ist flexibel und hat die Bezeichnung H05 V V-F 5 x 2,5mm\u00b2<br \/>\nEin fertiges Kabel k\u00f6nnen sie gern bei uns kaufen, je nachdem in welcher L\u00e4nge sie es ben\u00f6tigen.<\/p>\n<p>Den Anschlussbereich des Herdes freilegen. Das Herdanschlu\u00dfkabel durch die Zugentlastungsklemme f\u00fchren. Die Anschlu\u00dfklemmen am Herd haben die Bezeichnungen L1 \/ L2 \/ L3 \/ N \/ PE.<\/p>\n<p>Der gr\u00fcngelbe Draht ist der Schutzleiter und wird auf die Klemme PE oder an die Klemme mit Erdungszeichen geklemmt.<br \/>\nDer blaue Draht ist der Neutralleiter und wird auf die Klemme N geklemmt.<br \/>\nDer schwarze, graue (bei manchen Kabel ein 2.schwarzer) und der braune Draht sind die drei Phasen und werden auf die Klemmen L1, L2, L3 geklemmt (beliebige Reihenfolge).<\/p>\n<p>Sollten beim Elektroherd bausseits zwischen den Phasen L1, L2; und L3 Br\u00fccken eingebaut sein, diese bitte entfernen (sie werden ben\u00f6tigt wenn nur eine Phase vorhanden ist).<\/p>\n<p>Zugentlastung mit Kabel festschrauben. Herdanschlu\u00dfkabel an der Herdanschlu\u00dfdose parallel anklemmen, vorher jedoch unbedingt pr\u00fcfen ob der Strom abgeschaltet ist.<\/p>\n<p>Nachdem Sie das Kabel an beiden Seiten angeschlossen haben Sicherung\/Strom einschalten und mit Messger\u00e4t oder Spannungspr\u00fcfer pr\u00fcfen ob die drei Phasen (gegeneinander 380V) , Neutralleiter (mit Phase 230V) und Schutzleiter (mit Phase 230 V) funktionsf\u00e4hig sind.<\/p>\n<p>Alles wieder zusammen bauen, Herd einschieben, fertig.<\/p>\n<p>&nbsp;<\/p>\n<p>Viel Spass beim Kochen&#8230;<\/p>\n<p>&nbsp;<\/p>\n<p>&nbsp;<\/p>\n","protected":false},"excerpt":{"rendered":"<p>Achtung, vor dem Arbeiten an der elektrischen Anlage unbedingt Sicherheitsregeln beachten! &nbsp; Ein neuer Herd ben\u00f6tigt normalerweise 3 Pasen (Kraftstrom). Es sollte eine Herdanschlu\u00dfdose bei der Elektroinstallation in der Wand installiert sein. Von dieser Herdanschlu\u00dfdose wird ein flexibles Herdanschlu\u00dfkabel f\u00fcr den Anschluss ben\u00f6tigt. Die L\u00e4nge muss ausreichen, dass der Herd &#8230;<\/p>\n","protected":false},"author":1,"featured_media":0,"parent":182,"menu_order":0,"comment_status":"closed","ping_status":"closed","template":"template-full-width.php","meta":[],"_links":{"self":[{"href":"http:\/\/elektriker-delitzsch.de\/index.php?rest_route=\/wp\/v2\/pages\/766"}],"collection":[{"href":"http:\/\/elektriker-delitzsch.de\/index.php?rest_route=\/wp\/v2\/pages"}],"about":[{"href":"http:\/\/elektriker-delitzsch.de\/index.php?rest_route=\/wp\/v2\/types\/page"}],"author":[{"embeddable":true,"href":"http:\/\/elektriker-delitzsch.de\/index.php?rest_route=\/wp\/v2\/users\/1"}],"replies":[{"embeddable":true,"href":"http:\/\/elektriker-delitzsch.de\/index.php?rest_route=%2Fwp%2Fv2%2Fcomments&post=766"}],"version-history":[{"count":3,"href":"http:\/\/elektriker-delitzsch.de\/index.php?rest_route=\/wp\/v2\/pages\/766\/revisions"}],"predecessor-version":[{"id":773,"href":"http:\/\/elektriker-delitzsch.de\/index.php?rest_route=\/wp\/v2\/pages\/766\/revisions\/773"}],"up":[{"embeddable":true,"href":"http:\/\/elektriker-delitzsch.de\/index.php?rest_route=\/wp\/v2\/pages\/182"}],"wp:attachment":[{"href":"http:\/\/elektriker-delitzsch.de\/index.php?rest_route=%2Fwp%2Fv2%2Fmedia&parent=766"}],"curies":[{"name":"wp","href":"https:\/\/api.w.org\/{rel}","templated":true}]}}